{"id":55,"date":"2026-03-08T16:59:54","date_gmt":"2026-03-08T15:59:54","guid":{"rendered":"https:\/\/gedanken-fabrik.net\/?page_id=55"},"modified":"2026-03-12T16:35:43","modified_gmt":"2026-03-12T15:35:43","slug":"equipe","status":"publish","type":"page","link":"https:\/\/gedanken-fabrik.net\/?page_id=55","title":{"rendered":""},"content":{"rendered":"\n<div class=\"wp-block-columns alignfull is-layout-flex wp-container-core-columns-is-layout-84ccfed1 wp-block-columns-is-layout-flex\" style=\"padding-right:17px;padding-left:17px\">\n<div class=\"wp-block-column is-layout-flow wp-block-column-is-layout-flow\">\n<div class=\"wp-block-columns is-layout-flex wp-container-core-columns-is-layout-28f84493 wp-block-columns-is-layout-flex\">\n<div class=\"wp-block-column is-layout-flow wp-block-column-is-layout-flow\">\n<h5 class=\"wp-block-heading\">Mado <br>Maresco<\/h5>\n\n\n\n<p class=\"has-tiny-font-size\">est chercheuse au sein du laboratoire du CRIT (Centre de Recherches<br>Interdisciplinaires et Transculturelles) \u00e0 l&rsquo;universit\u00e9 de Besan\u00e7on. Son travail relie diff\u00e9rents champs disciplinaires notamment les arts plastiques, les arts sc\u00e9niques \u00e0 la litt\u00e9rature. Elle co-conduit parall\u00e8lement le collectif de la Gedankenfabrik depuis 2016 en tant que directrice artistique. Elle a pr\u00e9c\u00e9demment \u00e9t\u00e9 performeuse dans Flesh (artiste associ\u00e9 Le Moloco) et travaill\u00e9 \u00e0 diverses cr\u00e9ations sc\u00e9nographiques sous le nom de Maresco.<\/p>\n<\/div>\n<\/div>\n<\/div>\n\n\n\n<div class=\"wp-block-column is-layout-flow wp-block-column-is-layout-flow\">\n<h5 class=\"wp-block-heading\">Jeanne <br>Ribeau<\/h5>\n\n\n\n<p class=\"has-tiny-font-size\">est une professionnelle engag\u00e9e dans le secteur culturel, sp\u00e9cialis\u00e9e dans la m\u00e9diation, la production et le d\u00e9veloppement artistique. Fortement ancr\u00e9e dans les enjeux de la relation culturelle, elle allie une expertise en gestion de projets ( GRAM, Cit\u00e9 de la Voix, Orchestre National d\u2019\u00cele-de-France) et une sensibilit\u00e9 artistique nourrie par une formation musicale approfondie (Conservatoire Royal de Bruxelles).<\/p>\n<\/div>\n\n\n\n<div class=\"wp-block-column is-layout-flow wp-block-column-is-layout-flow\">\n<h5 class=\"wp-block-heading\">Tomek <br>Szodrak<\/h5>\n\n\n\n<p class=\"has-tiny-font-size\">est constructeur m\u00e9tallier en sc\u00e9nographie. Il travaille d&rsquo;abord comme monteur en \u00e9v\u00e8nementiel (TNT events) pour se consacrer aujourd&rsquo;hui plus particuli\u00e8rement aux d\u00e9cors de th\u00e9\u00e2tre (Les 2Sc\u00e8nes, CDN). Il participe activement, en tant que musicien, \u00e0 la sc\u00e8ne r\u00e9gionale (Hellbats, Flesh, LB Godson, Blue moon rising, Human fear) et associative ( Productions de l&rsquo;impossible, Kicking records) qu&rsquo;il a repr\u00e9sent\u00e9 sur les sc\u00e8nes internationales.<\/p>\n<\/div>\n\n\n\n<div class=\"wp-block-column is-layout-flow wp-block-column-is-layout-flow\">\n<h5 class=\"wp-block-heading\">Juliette <br>Deville<\/h5>\n\n\n\n<p class=\"has-tiny-font-size\">est designer graphique. Form\u00e9e aux techniques de fabrication traditionnelle du livre et de l&rsquo;illustration \u00e0 l\u2019\u00c9cole Sup\u00e9rieure des Arts de Lorraine. Elle a poursuivi son cursus en design graphique \u00e0 la Martini\u00e8re Diderot \u00e0 Lyon. Son travail graphique se situe \u00e0 la fronti\u00e8re du design imprim\u00e9 et digital. Elle performe ainsi en tant que VJ pour plusieurs collectifs de musiques actuelles et imagine de nouveaux moyens de cr\u00e9er des passerelles entre outils num\u00e9riques et manuels.<\/p>\n<\/div>\n<\/div>\n\n\n\n<div class=\"wp-block-columns alignfull is-layout-flex wp-container-core-columns-is-layout-84ccfed1 wp-block-columns-is-layout-flex\" style=\"padding-right:17px;padding-left:17px\">\n<div class=\"wp-block-column is-layout-flow wp-block-column-is-layout-flow\" style=\"flex-basis:50%\">\n<h4 class=\"wp-block-heading\">Le collectif<\/h4>\n\n\n\n<p class=\"has-tiny-font-size\">Mado Maresco, direction artistique<br>Quentin Arnoult, administration <br>Jeanne Ribeau, production<br>Tomek Szodrak, construction<br>Juliette Deville, graphisme<br>L\u00e9o Zavatta, conception lumi\u00e8re<br>Aur\u00e9lien Chaulet, conception sonore<br>Manolo Onnis, m\u00e9diation<br>Camille Trouillot, m\u00e9diation<br>Kerstin Aranda, pr\u00e9sidente  <br><br><\/p>\n<\/div>\n\n\n\n<div class=\"wp-block-column is-layout-flow wp-block-column-is-layout-flow\">\n<h4 class=\"wp-block-heading\">Partenariat<\/h4>\n\n\n\n<p class=\"has-tiny-font-size\">Le CRIT (Centre de Recherches<br>Interdisciplinaires <br>et Transculturelles)<br>La Citadelle, Besan\u00e7on<br>Les 2Sc\u00e8nes, sc\u00e8ne nationale<br>dispositif Emergences, <br>ville de Besan\u00e7on<br>La R\u00e9gion Bourgogne Franche-Comt\u00e9<br>La DRAC<br>Le d\u00e9partement du Doubs<br><br><br><br><br><\/p>\n<\/div>\n\n\n\n<div class=\"wp-block-column is-layout-flow wp-block-column-is-layout-flow\">\n<div class=\"wp-block-group has-global-padding is-layout-constrained wp-block-group-is-layout-constrained\">\n<h4 class=\"wp-block-heading\">Collaboration<\/h4>\n\n\n\n<p class=\"has-tiny-font-size\">Birdy<br>Emilienne Gamet<br>Miky Martin<br>Romuald Samis<br>Olivier Godart<br>Laurent Arnoud<br>Gwilherm Courbet<br>Thierry Gros<br>Teresa Solis<br>Charles Bonnissent<br>Simone D\u00e9coupe<br>Emilie Barbe<br><\/p>\n<\/div>\n<\/div>\n<\/div>\n\n\n\n<p><\/p>\n","protected":false},"excerpt":{"rendered":"<p>Mado Maresco est chercheuse au sein du laboratoire du CRIT (Centre de RecherchesInterdisciplinaires et Transculturelles) \u00e0 l&rsquo;universit\u00e9 de Besan\u00e7on. Son travail relie diff\u00e9rents champs disciplinaires notamment les arts plastiques, les arts sc\u00e9niques \u00e0 la litt\u00e9rature. Elle co-conduit parall\u00e8lement le collectif de la Gedankenfabrik depuis 2016 en tant que directrice artistique. Elle a pr\u00e9c\u00e9demment \u00e9t\u00e9 performeuse [&hellip;]<\/p>\n","protected":false},"author":1,"featured_media":0,"parent":0,"menu_order":0,"comment_status":"closed","ping_status":"closed","template":"","meta":{"footnotes":""},"class_list":["post-55","page","type-page","status-publish","hentry"],"_links":{"self":[{"href":"https:\/\/gedanken-fabrik.net\/index.php?rest_route=\/wp\/v2\/pages\/55","targetHints":{"allow":["GET"]}}],"collection":[{"href":"https:\/\/gedanken-fabrik.net\/index.php?rest_route=\/wp\/v2\/pages"}],"about":[{"href":"https:\/\/gedanken-fabrik.net\/index.php?rest_route=\/wp\/v2\/types\/page"}],"author":[{"embeddable":true,"href":"https:\/\/gedanken-fabrik.net\/index.php?rest_route=\/wp\/v2\/users\/1"}],"replies":[{"embeddable":true,"href":"https:\/\/gedanken-fabrik.net\/index.php?rest_route=%2Fwp%2Fv2%2Fcomments&post=55"}],"version-history":[{"count":11,"href":"https:\/\/gedanken-fabrik.net\/index.php?rest_route=\/wp\/v2\/pages\/55\/revisions"}],"predecessor-version":[{"id":79,"href":"https:\/\/gedanken-fabrik.net\/index.php?rest_route=\/wp\/v2\/pages\/55\/revisions\/79"}],"wp:attachment":[{"href":"https:\/\/gedanken-fabrik.net\/index.php?rest_route=%2Fwp%2Fv2%2Fmedia&parent=55"}],"curies":[{"name":"wp","href":"https:\/\/api.w.org\/{rel}","templated":true}]}}